{"id":3949,"date":"2022-12-27T11:45:17","date_gmt":"2022-12-27T10:45:17","guid":{"rendered":"https:\/\/gardavillage.it\/camping-cars\/"},"modified":"2023-09-29T09:00:31","modified_gmt":"2023-09-29T08:00:31","slug":"camping-cars","status":"publish","type":"page","link":"https:\/\/gardavillage.it\/fr\/camping-cars\/","title":{"rendered":"Camping-cars"},"content":{"rendered":"\t\t<div data-elementor-type=\"wp-page\" data-elementor-id=\"3949\" class=\"elementor elementor-3949 elementor-1991\">\n\t\t\t\t\t\t\t<div class=\"elementor-element elementor-element-ec4d417 e-flex e-con-boxed e-con\" data-id=\"ec4d417\" data-element_type=\"container\" data-settings=\"{&quot;background_background&quot;:&quot;classic&quot;,&quot;content_width&quot;:&quot;boxed&quot;}\">\n\t\t\t\t\t<div class=\"e-con-inner\">\n\t\t\t\t<div class=\"elementor-element elementor-element-3a76653 elementor-invisible elementor-widget elementor-widget-heading\" data-id=\"3a76653\" data-element_type=\"widget\" data-settings=\"{&quot;_animation&quot;:&quot;fadeIn&quot;,&quot;_animation_delay&quot;:1000}\" data-widget_type=\"heading.default\">\n\t\t\t\t<div class=\"elementor-widget-container\">\n\t\t\t<style>\/*! elementor - v3.14.0 - 26-06-2023 *\/\n.elementor-heading-title{padding:0;margin:0;line-height:1}.elementor-widget-heading .elementor-heading-title[class*=elementor-size-]>a{color:inherit;font-size:inherit;line-height:inherit}.elementor-widget-heading .elementor-heading-title.elementor-size-small{font-size:15px}.elementor-widget-heading .elementor-heading-title.elementor-size-medium{font-size:19px}.elementor-widget-heading .elementor-heading-title.elementor-size-large{font-size:29px}.elementor-widget-heading .elementor-heading-title.elementor-size-xl{font-size:39px}.elementor-widget-heading .elementor-heading-title.elementor-size-xxl{font-size:59px}<\/style><h2 class=\"elementor-heading-title elementor-size-default\">Camping-cars<\/h2>\t\t<\/div>\n\t\t\t\t<\/div>\n\t\t\t\t\t<\/div>\n\t\t\t\t<\/div>\n\t\t<div class=\"elementor-element elementor-element-e172e57 e-flex e-con-boxed e-con\" data-id=\"e172e57\" data-element_type=\"container\" data-settings=\"{&quot;content_width&quot;:&quot;boxed&quot;}\">\n\t\t\t\t\t<div class=\"e-con-inner\">\n\t\t<div class=\"elementor-element elementor-element-226d3ba e-flex e-con-boxed e-con\" data-id=\"226d3ba\" data-element_type=\"container\" data-settings=\"{&quot;content_width&quot;:&quot;boxed&quot;}\">\n\t\t\t\t\t<div class=\"e-con-inner\">\n\t\t<div class=\"elementor-element elementor-element-09d44c7 e-con-full e-flex e-con\" data-id=\"09d44c7\" data-element_type=\"container\" data-settings=\"{&quot;content_width&quot;:&quot;full&quot;}\">\n\t\t\t\t<div class=\"elementor-element elementor-element-0a78b6b elementor-widget elementor-widget-heading\" data-id=\"0a78b6b\" data-element_type=\"widget\" data-widget_type=\"heading.default\">\n\t\t\t\t<div class=\"elementor-widget-container\">\n\t\t\t<h2 class=\"elementor-heading-title elementor-size-default\">Aire camping car \u00e0 Sirmione<\/h2>\t\t<\/div>\n\t\t\t\t<\/div>\n\t\t\t\t<div class=\"elementor-element elementor-element-3c0b53f elementor-widget elementor-widget-text-editor\" data-id=\"3c0b53f\" data-element_type=\"widget\" data-widget_type=\"text-editor.default\">\n\t\t\t\t<div class=\"elementor-widget-container\">\n\t\t\t<style>\/*! elementor - v3.14.0 - 26-06-2023 *\/\n.elementor-widget-text-editor.elementor-drop-cap-view-stacked .elementor-drop-cap{background-color:#69727d;color:#fff}.elementor-widget-text-editor.elementor-drop-cap-view-framed .elementor-drop-cap{color:#69727d;border:3px solid;background-color:transparent}.elementor-widget-text-editor:not(.elementor-drop-cap-view-default) .elementor-drop-cap{margin-top:8px}.elementor-widget-text-editor:not(.elementor-drop-cap-view-default) .elementor-drop-cap-letter{width:1em;height:1em}.elementor-widget-text-editor .elementor-drop-cap{float:left;text-align:center;line-height:1;font-size:50px}.elementor-widget-text-editor .elementor-drop-cap-letter{display:inline-block}<\/style>\t\t\t\t<p>\u00ab Garda Village Camper Park \u00bb est l&rsquo;aire de camping-car situ\u00e9e au sein du centre de vacances The Garda Village au bord du lac de Garde, dans une position privil\u00e9gi\u00e9e pour les terrains de sport.<\/p><p>Situ\u00e9e \u00e0 3,5 km seulement de la p\u00e9ninsule de Sirmione, c\u2019est l\u2019emplacement id\u00e9al pour acc\u00e9der \u00e0 tous les points d&rsquo;int\u00e9r\u00eat des alentours tels que les <strong>thermes de Sirmione<\/strong> ou les parcs d&rsquo;attractions comme <strong>Gardaland<\/strong> et <strong>Canevaworld<\/strong>.<\/p><p>Des blocs sanitaires avec <strong>douches et eau chaude<\/strong> sont \u00e0 la disposition de nos h\u00f4tes (<strong>\u00e0 proximit\u00e9 des terrains de sport et des courts de tennis<\/strong>) ainsi qu\u2019un point vaisselle.<\/p><p>Les emplacements sont \u00e9quip\u00e9s de <strong>bornes \u00e9lectriques<\/strong> de 10 Amp\u00e8res, du n\u00e9cessaire pour le <strong>plein d\u2019eau<\/strong> et la <strong>vidange des eaux<\/strong> us\u00e9es et des WC, par ailleurs, ils sont connect\u00e9s au <strong>r\u00e9seau Wi-Fi<\/strong> de l\u2019\u00e9tablissement.<\/p><p>Attention\u00a0: Les caravanes ou les v\u00e9hicules autres que les camping-cars ne sont pas autoris\u00e9s.<\/p>\t\t\t\t\t\t<\/div>\n\t\t\t\t<\/div>\n\t\t\t\t<\/div>\n\t\t<div class=\"elementor-element elementor-element-4a1af8b e-con-full e-flex e-con\" data-id=\"4a1af8b\" data-element_type=\"container\" data-settings=\"{&quot;content_width&quot;:&quot;full&quot;}\">\n\t\t\t\t<div class=\"elementor-element elementor-element-9ef7de5 elementor-widget elementor-widget-image\" data-id=\"9ef7de5\" data-element_type=\"widget\" data-widget_type=\"image.default\">\n\t\t\t\t<div class=\"elementor-widget-container\">\n\t\t\t<style>\/*! elementor - v3.14.0 - 26-06-2023 *\/\n.elementor-widget-image{text-align:center}.elementor-widget-image a{display:inline-block}.elementor-widget-image a img[src$=\".svg\"]{width:48px}.elementor-widget-image img{vertical-align:middle;display:inline-block}<\/style>\t\t\t\t\t\t\t\t\t\t\t\t<img loading=\"lazy\" decoding=\"async\" width=\"1024\" height=\"1024\" src=\"https:\/\/gardavillage.it\/wp-content\/uploads\/garda-village-camper-park.jpg\" class=\"attachment-large size-large wp-image-3640\" alt=\"The Garda Village - Tanti servizi per le tue vacanze sul Lago di Garda in camper\" srcset=\"https:\/\/gardavillage.it\/wp-content\/uploads\/garda-village-camper-park.jpg 1024w, https:\/\/gardavillage.it\/wp-content\/uploads\/garda-village-camper-park-300x300.jpg 300w, https:\/\/gardavillage.it\/wp-content\/uploads\/garda-village-camper-park-150x150.jpg 150w, https:\/\/gardavillage.it\/wp-content\/uploads\/garda-village-camper-park-768x768.jpg 768w\" sizes=\"auto, (max-width: 1024px) 100vw, 1024px\" \/>\t\t\t\t\t\t\t\t\t\t\t\t\t\t\t<\/div>\n\t\t\t\t<\/div>\n\t\t\t\t<\/div>\n\t\t<div class=\"elementor-element elementor-element-f79b7c4 e-con-full e-flex e-con\" data-id=\"f79b7c4\" data-element_type=\"container\" data-settings=\"{&quot;content_width&quot;:&quot;full&quot;}\">\n\t\t\t\t<div class=\"elementor-element elementor-element-ed84050 elementor-widget elementor-widget-image\" data-id=\"ed84050\" data-element_type=\"widget\" data-widget_type=\"image.default\">\n\t\t\t\t<div class=\"elementor-widget-container\">\n\t\t\t\t\t\t\t\t\t\t\t\t\t\t\t<img loading=\"lazy\" decoding=\"async\" width=\"1024\" height=\"1024\" src=\"https:\/\/gardavillage.it\/wp-content\/uploads\/garda-village-parcheggio-camper.jpg\" class=\"attachment-large size-large wp-image-3644\" alt=\"The Garda Village - Tanti servizi per le tue vacanze sul Lago di Garda in camper\" srcset=\"https:\/\/gardavillage.it\/wp-content\/uploads\/garda-village-parcheggio-camper.jpg 1024w, https:\/\/gardavillage.it\/wp-content\/uploads\/garda-village-parcheggio-camper-300x300.jpg 300w, https:\/\/gardavillage.it\/wp-content\/uploads\/garda-village-parcheggio-camper-150x150.jpg 150w, https:\/\/gardavillage.it\/wp-content\/uploads\/garda-village-parcheggio-camper-768x768.jpg 768w\" sizes=\"auto, (max-width: 1024px) 100vw, 1024px\" \/>\t\t\t\t\t\t\t\t\t\t\t\t\t\t\t<\/div>\n\t\t\t\t<\/div>\n\t\t\t\t<div class=\"elementor-element elementor-element-bee4c94 elementor-hidden-mobile elementor-widget elementor-widget-image\" data-id=\"bee4c94\" data-element_type=\"widget\" data-widget_type=\"image.default\">\n\t\t\t\t<div class=\"elementor-widget-container\">\n\t\t\t\t\t\t\t\t\t\t\t\t\t\t\t<img loading=\"lazy\" decoding=\"async\" width=\"1024\" height=\"1024\" src=\"https:\/\/gardavillage.it\/wp-content\/uploads\/garda-village-area-camper.jpg\" class=\"attachment-large size-large wp-image-3648\" alt=\"The Garda Village - Tanti servizi per le tue vacanze sul Lago di Garda in camper\" srcset=\"https:\/\/gardavillage.it\/wp-content\/uploads\/garda-village-area-camper.jpg 1024w, https:\/\/gardavillage.it\/wp-content\/uploads\/garda-village-area-camper-300x300.jpg 300w, https:\/\/gardavillage.it\/wp-content\/uploads\/garda-village-area-camper-150x150.jpg 150w, https:\/\/gardavillage.it\/wp-content\/uploads\/garda-village-area-camper-768x768.jpg 768w\" sizes=\"auto, (max-width: 1024px) 100vw, 1024px\" \/>\t\t\t\t\t\t\t\t\t\t\t\t\t\t\t<\/div>\n\t\t\t\t<\/div>\n\t\t\t\t<\/div>\n\t\t\t\t\t<\/div>\n\t\t\t\t<\/div>\n\t\t\t\t\t<\/div>\n\t\t\t\t<\/div>\n\t\t<div class=\"elementor-element elementor-element-f046b99 e-con-full e-flex e-con\" data-id=\"f046b99\" data-element_type=\"container\" data-settings=\"{&quot;content_width&quot;:&quot;full&quot;}\">\n\t\t<div class=\"elementor-element elementor-element-eba4608 e-con-full e-flex e-con\" data-id=\"eba4608\" data-element_type=\"container\" data-settings=\"{&quot;background_background&quot;:&quot;classic&quot;,&quot;content_width&quot;:&quot;full&quot;}\">\n\t\t\t\t<div class=\"elementor-element elementor-element-f3e237a elementor-widget__width-initial elementor-widget-mobile__width-inherit elementor-widget elementor-widget-heading\" data-id=\"f3e237a\" data-element_type=\"widget\" data-widget_type=\"heading.default\">\n\t\t\t\t<div class=\"elementor-widget-container\">\n\t\t\t<h2 class=\"elementor-heading-title elementor-size-default\">Les autres h\u00e9bergements du The Garda Village<\/h2>\t\t<\/div>\n\t\t\t\t<\/div>\n\t\t<div class=\"elementor-element elementor-element-6285595 e-flex e-con-boxed e-con\" data-id=\"6285595\" data-element_type=\"container\" data-settings=\"{&quot;content_width&quot;:&quot;boxed&quot;}\">\n\t\t\t\t\t<div class=\"e-con-inner\">\n\t\t\t\t<div class=\"elementor-element elementor-element-ddc1730 elementor-flip-box--effect-fade elementor-widget elementor-widget-flip-box\" data-id=\"ddc1730\" data-element_type=\"widget\" data-widget_type=\"flip-box.default\">\n\t\t\t\t<div class=\"elementor-widget-container\">\n\t\t\t<link rel=\"stylesheet\" href=\"https:\/\/gardavillage.it\/wp-content\/plugins\/elementor-pro\/assets\/css\/widget-flip-box.min.css\">\t\t<div class=\"elementor-flip-box\" tabindex=\"0\">\n\t\t\t<div class=\"elementor-flip-box__layer elementor-flip-box__front\">\n\t\t\t\t<div class=\"elementor-flip-box__layer__overlay\">\n\t\t\t\t\t<div class=\"elementor-flip-box__layer__inner\">\n\t\t\t\t\t\t\t\t\t\t\t\t\t<div class=\"elementor-icon-wrapper elementor-view-default\">\n\t\t\t\t\t\t\t\t<div class=\"elementor-icon\">\n\t\t\t\t\t\t\t\t\t\t\t\t\t\t\t\t\t<\/div>\n\t\t\t\t\t\t\t<\/div>\n\t\t\t\t\t\t\n\t\t\t\t\t\t\t\t\t\t\t\t\t<h3 class=\"elementor-flip-box__layer__title\">\n\t\t\t\t\t\t\t\tBungalows\t\t\t\t\t\t\t<\/h3>\n\t\t\t\t\t\t\n\t\t\t\t\t\t\t\t\t\t\t<\/div>\n\t\t\t\t<\/div>\n\t\t\t<\/div>\n\t\t\t<a class=\"elementor-flip-box__layer elementor-flip-box__back\" href=\"https:\/\/gardavillage.it\/fr\/bungalows\/\">\n\t\t\t<div class=\"elementor-flip-box__layer__overlay\">\n\t\t\t\t<div class=\"elementor-flip-box__layer__inner\">\n\t\t\t\t\t\n\t\t\t\t\t\t\t\t\t\t\t<div class=\"elementor-flip-box__layer__description\">\n\t\t\t\t\t\t\tBungalows deux et trois pi\u00e8ces, tous \u00e9quip\u00e9s d'une kitchenette et d'une salle de bains, pour des vacances sur le lac de Garde.\t\t\t\t\t\t<\/div>\n\t\t\t\t\t\n\t\t\t\t\t\t\t\t\t\t\t<span class=\"elementor-flip-box__button elementor-button elementor-size-sm\">\n\t\t\t\t\t\t\tD\u00e9couvrez nos bungalows\t\t\t\t\t\t<\/span>\n\t\t\t\t\t\t\t\t<\/div>\n\t\t<\/div>\n\t\t<\/a>\n\t\t<\/div>\n\t\t\t\t<\/div>\n\t\t\t\t<\/div>\n\t\t\t\t<div class=\"elementor-element elementor-element-4f2765e elementor-flip-box--effect-fade elementor-widget elementor-widget-flip-box\" data-id=\"4f2765e\" data-element_type=\"widget\" data-widget_type=\"flip-box.default\">\n\t\t\t\t<div class=\"elementor-widget-container\">\n\t\t\t\t\t<div class=\"elementor-flip-box\" tabindex=\"0\">\n\t\t\t<div class=\"elementor-flip-box__layer elementor-flip-box__front\">\n\t\t\t\t<div class=\"elementor-flip-box__layer__overlay\">\n\t\t\t\t\t<div class=\"elementor-flip-box__layer__inner\">\n\t\t\t\t\t\t\t\t\t\t\t\t\t<div class=\"elementor-icon-wrapper elementor-view-default\">\n\t\t\t\t\t\t\t\t<div class=\"elementor-icon\">\n\t\t\t\t\t\t\t\t\t\t\t\t\t\t\t\t\t<\/div>\n\t\t\t\t\t\t\t<\/div>\n\t\t\t\t\t\t\n\t\t\t\t\t\t\t\t\t\t\t\t\t<h3 class=\"elementor-flip-box__layer__title\">\n\t\t\t\t\t\t\t\tMobil-homes\t\t\t\t\t\t\t<\/h3>\n\t\t\t\t\t\t\n\t\t\t\t\t\t\t\t\t\t\t<\/div>\n\t\t\t\t<\/div>\n\t\t\t<\/div>\n\t\t\t<a class=\"elementor-flip-box__layer elementor-flip-box__back\" href=\"https:\/\/gardavillage.it\/fr\/mobil-homes\/\">\n\t\t\t<div class=\"elementor-flip-box__layer__overlay\">\n\t\t\t\t<div class=\"elementor-flip-box__layer__inner\">\n\t\t\t\t\t\n\t\t\t\t\t\t\t\t\t\t\t<div class=\"elementor-flip-box__layer__description\">\n\t\t\t\t\t\t\tTrois types de mobil-homes pour des vacances en couple, en famille ou entre amis. \t\t\t\t\t\t<\/div>\n\t\t\t\t\t\n\t\t\t\t\t\t\t\t\t\t\t<span class=\"elementor-flip-box__button elementor-button elementor-size-sm\">\n\t\t\t\t\t\t\tD\u00e9couvrez nos mobil-homes\t\t\t\t\t\t<\/span>\n\t\t\t\t\t\t\t\t<\/div>\n\t\t<\/div>\n\t\t<\/a>\n\t\t<\/div>\n\t\t\t\t<\/div>\n\t\t\t\t<\/div>\n\t\t\t\t\t<\/div>\n\t\t\t\t<\/div>\n\t\t\t\t<\/div>\n\t\t<div class=\"elementor-element elementor-element-7e4a563 e-con-full e-flex e-con\" data-id=\"7e4a563\" data-element_type=\"container\" data-settings=\"{&quot;content_width&quot;:&quot;full&quot;}\">\n\t\t\t\t<\/div>\n\t\t\t\t<\/div>\n\t\t\t\t\t\t\t<\/div>\n\t\t","protected":false},"excerpt":{"rendered":"<p>Aire camping car \u00e0 Sirmione \u00ab Garda Village Camper Park \u00bb est l&rsquo;aire de camping-car situ\u00e9e au sein du centre de vacances The Garda Village au bord du lac de Garde, dans une position privil\u00e9gi\u00e9e pour les terrains de sport. Situ\u00e9e \u00e0 3,5 km seulement de la p\u00e9ninsule de Sirmione, c\u2019est l\u2019emplacement id\u00e9al pour acc\u00e9der [&hellip;]<\/p>\n","protected":false},"author":2,"featured_media":6550,"parent":0,"menu_order":0,"comment_status":"closed","ping_status":"closed","template":"","meta":{"inline_featured_image":false,"footnotes":"","_links_to":"","_links_to_target":""},"class_list":["post-3949","page","type-page","status-publish","has-post-thumbnail","hentry"],"blocksy_meta":{"page_title_panel":"","has_hero_section":"disabled","e8a690c53f886349dfaf4939b3f9ff52":"","hero_section":"type-1","hero_elements":[{"id":"custom_title","enabled":true,"heading_tag":"h1","title":"Home"},{"id":"custom_description","enabled":true,"description_visibility":{"desktop":true,"tablet":true,"mobile":false}},{"id":"custom_meta","enabled":false,"meta_elements":[{"id":"author","enabled":true,"label":"By","has_author_avatar":"yes","avatar_size":25},{"id":"post_date","enabled":true,"label":"On","date_format_source":"default","date_format":"M j, Y"},{"id":"updated_date","enabled":false,"label":"On","date_format_source":"default","date_format":"M j, Y"},{"id":"categories","enabled":false,"label":"In","style":"simple"},{"id":"comments","enabled":true}],"page_meta_elements":{"joined":true,"articles_count":true,"comments":true}},{"id":"breadcrumbs","enabled":false}],"833a2b1ccceafae9fd9b164ea89bf157":"","hero_alignment1":"CT_CSS_SKIP_RULE","hero_margin":40,"hero_alignment2":"center","hero_vertical_alignment":"center","9020a6cc0cc15de30a37db17069cf3af":"","hero_structure":"narrow","5c8b385b5ced43fb878def4aa0dc0146":"","page_title_bg_type":"featured_image","custom_hero_background":{"attachment_id":null},"page_title_image_size":"full","parallax":{"desktop":false,"tablet":false,"mobile":false},"3ff6bb85e155412fb0b10f1ac5b8777b":"","hero_height":"250px","pageTitleFont":{"family":"Default","variation":"Default","size":"30px","line-height":"CT_CSS_SKIP_RULE","letter-spacing":"CT_CSS_SKIP_RULE","text-transform":"CT_CSS_SKIP_RULE","text-decoration":"CT_CSS_SKIP_RULE"},"pageTitleFontColor":{"default":{"color":"CT_CSS_SKIP_RULEDEFAULT"}},"pageMetaFont":{"family":"Default","variation":"n6","size":"12px","line-height":"1.3","letter-spacing":"CT_CSS_SKIP_RULE","text-transform":"uppercase","text-decoration":"CT_CSS_SKIP_RULE"},"pageMetaFontColor":{"default":{"color":"CT_CSS_SKIP_RULEDEFAULT"},"hover":{"color":"CT_CSS_SKIP_RULEDEFAULT"}},"page_meta_button_type_font_colors":{"default":{"color":"CT_CSS_SKIP_RULEDEFAULT"},"hover":{"color":"CT_CSS_SKIP_RULEDEFAULT"}},"page_meta_button_type_background_colors":{"default":{"color":"CT_CSS_SKIP_RULEDEFAULT"},"hover":{"color":"CT_CSS_SKIP_RULEDEFAULT"}},"pageExcerptFont":{"family":"Default","variation":"Default","size":"CT_CSS_SKIP_RULE","line-height":"CT_CSS_SKIP_RULE","letter-spacing":"CT_CSS_SKIP_RULE","text-transform":"CT_CSS_SKIP_RULE","text-decoration":"CT_CSS_SKIP_RULE"},"pageExcerptColor":{"default":{"color":"CT_CSS_SKIP_RULEDEFAULT"}},"breadcrumbsFont":{"family":"Default","variation":"Default","size":"CT_CSS_SKIP_RULE","line-height":"CT_CSS_SKIP_RULE","letter-spacing":"CT_CSS_SKIP_RULE","text-transform":"CT_CSS_SKIP_RULE","text-decoration":"CT_CSS_SKIP_RULE"},"breadcrumbsFontColor":{"default":{"color":"CT_CSS_SKIP_RULEDEFAULT"},"initial":{"color":"CT_CSS_SKIP_RULEDEFAULT"},"hover":{"color":"CT_CSS_SKIP_RULEDEFAULT"}},"pageTitleOverlay":{"background_type":"color","background_pattern":"type-1","background_image":{"attachment_id":null,"x":0,"y":0},"gradient":"linear-gradient(135deg,rgba(6,147,227,1) 0%,rgb(155,81,224) 100%)","background_repeat":"repeat","background_size":"auto","background_attachment":"scroll","patternColor":{"default":{"color":"#e5e7ea"}},"overlayColor":{"default":{"color":"CT_CSS_SKIP_RULE"}},"backgroundColor":{"default":{"color":"CT_CSS_SKIP_RULE"}}},"pageTitleBackground":{"background_type":"color","background_pattern":"type-1","background_image":{"attachment_id":null,"x":0,"y":0},"gradient":"linear-gradient(135deg,rgba(6,147,227,1) 0%,rgb(155,81,224) 100%)","background_repeat":"repeat","background_size":"auto","background_attachment":"scroll","patternColor":{"default":{"color":"#e5e7ea"}},"overlayColor":{"default":{"color":"CT_CSS_SKIP_RULE"}},"backgroundColor":{"default":{"color":"var(--theme-palette-color-6)"}}},"pageTitlePadding":{"top":"50px","bottom":"50px","left":"auto","right":"auto","linked":true},"c16c7245a17bf62e9bfee7e9dc5d5a12":"","page_structure_type":"default","09b77e039c8cc88f2e7b9e185661a2c5":"","content_style_source":"inherit","content_style":"wide","vertical_spacing_source":"custom","content_area_spacing":"none","background":{"background_type":"color","background_pattern":"type-1","background_image":{"attachment_id":null,"x":0,"y":0},"gradient":"linear-gradient(135deg,rgba(6,147,227,1) 0%,rgb(155,81,224) 100%)","background_repeat":"repeat","background_size":"auto","background_attachment":"scroll","patternColor":{"default":{"color":"#e5e7ea"}},"overlayColor":{"default":{"color":"CT_CSS_SKIP_RULE"}},"backgroundColor":{"default":{"color":"CT_CSS_SKIP_RULE"}}},"content_background":{"background_type":"color","background_pattern":"type-1","background_image":{"attachment_id":null,"x":0,"y":0},"gradient":"linear-gradient(135deg,rgba(6,147,227,1) 0%,rgb(155,81,224) 100%)","background_repeat":"repeat","background_size":"auto","background_attachment":"scroll","patternColor":{"default":{"color":"#e5e7ea"}},"overlayColor":{"default":{"color":"CT_CSS_SKIP_RULE"}},"backgroundColor":{"default":{"color":"var(--theme-palette-color-8)"}}},"content_boxed_shadow":{"inherit":false,"blur":18,"spread":-6,"v_offset":12,"h_offset":0,"inset":false,"enable":true,"color":{"color":"rgba(34, 56, 101, 0.04)"}},"content_boxed_border":{"width":1,"style":"none","color":{"color":"rgba(44,62,80,0.2)"}},"content_boxed_radius":{"top":"3px","bottom":"3px","left":"3px","right":"3px","linked":true},"boxed_content_spacing":{"desktop":{"top":"40px","bottom":"40px","left":"40px","right":"40px","linked":true},"tablet":{"top":"35px","bottom":"35px","left":"35px","right":"35px","linked":true},"mobile":{"top":"20px","bottom":"20px","left":"20px","right":"20px","linked":true}},"54a4bee841a0004c1eca017955690f37":"","disable_featured_image":"no","disable_share_box":"no","disable_header":"no","disable_footer":"no","styles_descriptor":{"styles":{"desktop":"","tablet":"","mobile":""},"google_fonts":[],"version":6}},"yoast_head":"<!-- This site is optimized with the Yoast SEO plugin v22.0 - https:\/\/yoast.com\/wordpress\/plugins\/seo\/ -->\n<title>Camper Park sur le lac de Garde, Emplacements pour camping-cars Sirmione<\/title>\n<meta name=\"description\" content=\"Aire de camping-car \u00e9quip\u00e9e avec douches\/eau chaude, bornes \u00e9lectriques, plein d&#039;eau et vidange des eaux us\u00e9es et de nombreux services pour vos vacances sur le lac de Garde.\" \/>\n<meta name=\"robots\" content=\"index, follow, max-snippet:-1, max-image-preview:large, max-video-preview:-1\" \/>\n<link rel=\"canonical\" href=\"https:\/\/gardavillage.it\/fr\/camping-cars\/\" \/>\n<meta property=\"og:locale\" content=\"fr_FR\" \/>\n<meta property=\"og:type\" content=\"article\" \/>\n<meta property=\"og:title\" content=\"Camper Park sur le lac de Garde, Emplacements pour camping-cars Sirmione\" \/>\n<meta property=\"og:description\" content=\"Aire de camping-car \u00e9quip\u00e9e avec douches\/eau chaude, bornes \u00e9lectriques, plein d&#039;eau et vidange des eaux us\u00e9es et de nombreux services pour vos vacances sur le lac de Garde.\" \/>\n<meta property=\"og:url\" content=\"https:\/\/gardavillage.it\/fr\/camping-cars\/\" \/>\n<meta property=\"og:site_name\" content=\"Garda Village\" \/>\n<meta property=\"article:modified_time\" content=\"2023-09-29T08:00:31+00:00\" \/>\n<meta property=\"og:image\" content=\"https:\/\/gardavillage.it\/wp-content\/uploads\/Area-camper-no-logo-scaled.jpg\" \/>\n\t<meta property=\"og:image:width\" content=\"2560\" \/>\n\t<meta property=\"og:image:height\" content=\"2560\" \/>\n\t<meta property=\"og:image:type\" content=\"image\/jpeg\" \/>\n<meta name=\"twitter:card\" content=\"summary_large_image\" \/>\n<meta name=\"twitter:label1\" content=\"Dur\u00e9e de lecture estim\u00e9e\" \/>\n\t<meta name=\"twitter:data1\" content=\"2 minutes\" \/>\n<script type=\"application\/ld+json\" class=\"yoast-schema-graph\">{\"@context\":\"https:\/\/schema.org\",\"@graph\":[{\"@type\":\"WebPage\",\"@id\":\"https:\/\/gardavillage.it\/fr\/camping-cars\/\",\"url\":\"https:\/\/gardavillage.it\/fr\/camping-cars\/\",\"name\":\"Camper Park sur le lac de Garde, Emplacements pour camping-cars Sirmione\",\"isPartOf\":{\"@id\":\"https:\/\/gardavillage.it\/fr\/#website\"},\"datePublished\":\"2022-12-27T10:45:17+00:00\",\"dateModified\":\"2023-09-29T08:00:31+00:00\",\"description\":\"Aire de camping-car \u00e9quip\u00e9e avec douches\/eau chaude, bornes \u00e9lectriques, plein d'eau et vidange des eaux us\u00e9es et de nombreux services pour vos vacances sur le lac de Garde.\",\"breadcrumb\":{\"@id\":\"https:\/\/gardavillage.it\/fr\/camping-cars\/#breadcrumb\"},\"inLanguage\":\"fr-FR\",\"potentialAction\":[{\"@type\":\"ReadAction\",\"target\":[\"https:\/\/gardavillage.it\/fr\/camping-cars\/\"]}]},{\"@type\":\"BreadcrumbList\",\"@id\":\"https:\/\/gardavillage.it\/fr\/camping-cars\/#breadcrumb\",\"itemListElement\":[{\"@type\":\"ListItem\",\"position\":1,\"name\":\"Home\",\"item\":\"https:\/\/gardavillage.it\/fr\/\"},{\"@type\":\"ListItem\",\"position\":2,\"name\":\"Camping-cars\"}]},{\"@type\":\"WebSite\",\"@id\":\"https:\/\/gardavillage.it\/fr\/#website\",\"url\":\"https:\/\/gardavillage.it\/fr\/\",\"name\":\"Garda Village\",\"description\":\"La tua vacanza al Lago di Garda\",\"publisher\":{\"@id\":\"https:\/\/gardavillage.it\/fr\/#organization\"},\"potentialAction\":[{\"@type\":\"SearchAction\",\"target\":{\"@type\":\"EntryPoint\",\"urlTemplate\":\"https:\/\/gardavillage.it\/fr\/?s={search_term_string}\"},\"query-input\":\"required name=search_term_string\"}],\"inLanguage\":\"fr-FR\"},{\"@type\":\"Organization\",\"@id\":\"https:\/\/gardavillage.it\/fr\/#organization\",\"name\":\"Garda Village\",\"url\":\"https:\/\/gardavillage.it\/fr\/\",\"logo\":{\"@type\":\"ImageObject\",\"inLanguage\":\"fr-FR\",\"@id\":\"https:\/\/gardavillage.it\/fr\/#\/schema\/logo\/image\/\",\"url\":\"https:\/\/gardavillage.it\/wp-content\/uploads\/gada-village-logo.svg\",\"contentUrl\":\"https:\/\/gardavillage.it\/wp-content\/uploads\/gada-village-logo.svg\",\"caption\":\"Garda Village\"},\"image\":{\"@id\":\"https:\/\/gardavillage.it\/fr\/#\/schema\/logo\/image\/\"}}]}<\/script>\n<!-- \/ Yoast SEO plugin. -->","yoast_head_json":{"title":"Camper Park sur le lac de Garde, Emplacements pour camping-cars Sirmione","description":"Aire de camping-car \u00e9quip\u00e9e avec douches\/eau chaude, bornes \u00e9lectriques, plein d'eau et vidange des eaux us\u00e9es et de nombreux services pour vos vacances sur le lac de Garde.","robots":{"index":"index","follow":"follow","max-snippet":"max-snippet:-1","max-image-preview":"max-image-preview:large","max-video-preview":"max-video-preview:-1"},"canonical":"https:\/\/gardavillage.it\/fr\/camping-cars\/","og_locale":"fr_FR","og_type":"article","og_title":"Camper Park sur le lac de Garde, Emplacements pour camping-cars Sirmione","og_description":"Aire de camping-car \u00e9quip\u00e9e avec douches\/eau chaude, bornes \u00e9lectriques, plein d'eau et vidange des eaux us\u00e9es et de nombreux services pour vos vacances sur le lac de Garde.","og_url":"https:\/\/gardavillage.it\/fr\/camping-cars\/","og_site_name":"Garda Village","article_modified_time":"2023-09-29T08:00:31+00:00","og_image":[{"width":2560,"height":2560,"url":"https:\/\/gardavillage.it\/wp-content\/uploads\/Area-camper-no-logo-scaled.jpg","type":"image\/jpeg"}],"twitter_card":"summary_large_image","twitter_misc":{"Dur\u00e9e de lecture estim\u00e9e":"2 minutes"},"schema":{"@context":"https:\/\/schema.org","@graph":[{"@type":"WebPage","@id":"https:\/\/gardavillage.it\/fr\/camping-cars\/","url":"https:\/\/gardavillage.it\/fr\/camping-cars\/","name":"Camper Park sur le lac de Garde, Emplacements pour camping-cars Sirmione","isPartOf":{"@id":"https:\/\/gardavillage.it\/fr\/#website"},"datePublished":"2022-12-27T10:45:17+00:00","dateModified":"2023-09-29T08:00:31+00:00","description":"Aire de camping-car \u00e9quip\u00e9e avec douches\/eau chaude, bornes \u00e9lectriques, plein d'eau et vidange des eaux us\u00e9es et de nombreux services pour vos vacances sur le lac de Garde.","breadcrumb":{"@id":"https:\/\/gardavillage.it\/fr\/camping-cars\/#breadcrumb"},"inLanguage":"fr-FR","potentialAction":[{"@type":"ReadAction","target":["https:\/\/gardavillage.it\/fr\/camping-cars\/"]}]},{"@type":"BreadcrumbList","@id":"https:\/\/gardavillage.it\/fr\/camping-cars\/#breadcrumb","itemListElement":[{"@type":"ListItem","position":1,"name":"Home","item":"https:\/\/gardavillage.it\/fr\/"},{"@type":"ListItem","position":2,"name":"Camping-cars"}]},{"@type":"WebSite","@id":"https:\/\/gardavillage.it\/fr\/#website","url":"https:\/\/gardavillage.it\/fr\/","name":"Garda Village","description":"La tua vacanza al Lago di Garda","publisher":{"@id":"https:\/\/gardavillage.it\/fr\/#organization"},"potentialAction":[{"@type":"SearchAction","target":{"@type":"EntryPoint","urlTemplate":"https:\/\/gardavillage.it\/fr\/?s={search_term_string}"},"query-input":"required name=search_term_string"}],"inLanguage":"fr-FR"},{"@type":"Organization","@id":"https:\/\/gardavillage.it\/fr\/#organization","name":"Garda Village","url":"https:\/\/gardavillage.it\/fr\/","logo":{"@type":"ImageObject","inLanguage":"fr-FR","@id":"https:\/\/gardavillage.it\/fr\/#\/schema\/logo\/image\/","url":"https:\/\/gardavillage.it\/wp-content\/uploads\/gada-village-logo.svg","contentUrl":"https:\/\/gardavillage.it\/wp-content\/uploads\/gada-village-logo.svg","caption":"Garda Village"},"image":{"@id":"https:\/\/gardavillage.it\/fr\/#\/schema\/logo\/image\/"}}]}},"publishpress_future_action":{"enabled":false,"date":"2026-05-07 16:33:43","action":"draft","terms":[],"taxonomy":"translation_priority"},"_links":{"self":[{"href":"https:\/\/gardavillage.it\/fr\/wp-json\/wp\/v2\/pages\/3949","targetHints":{"allow":["GET"]}}],"collection":[{"href":"https:\/\/gardavillage.it\/fr\/wp-json\/wp\/v2\/pages"}],"about":[{"href":"https:\/\/gardavillage.it\/fr\/wp-json\/wp\/v2\/types\/page"}],"author":[{"embeddable":true,"href":"https:\/\/gardavillage.it\/fr\/wp-json\/wp\/v2\/users\/2"}],"replies":[{"embeddable":true,"href":"https:\/\/gardavillage.it\/fr\/wp-json\/wp\/v2\/comments?post=3949"}],"version-history":[{"count":13,"href":"https:\/\/gardavillage.it\/fr\/wp-json\/wp\/v2\/pages\/3949\/revisions"}],"predecessor-version":[{"id":6917,"href":"https:\/\/gardavillage.it\/fr\/wp-json\/wp\/v2\/pages\/3949\/revisions\/6917"}],"wp:featuredmedia":[{"embeddable":true,"href":"https:\/\/gardavillage.it\/fr\/wp-json\/wp\/v2\/media\/6550"}],"wp:attachment":[{"href":"https:\/\/gardavillage.it\/fr\/wp-json\/wp\/v2\/media?parent=3949"}],"curies":[{"name":"wp","href":"https:\/\/api.w.org\/{rel}","templated":true}]}}